{"id":2946,"date":"2020-01-23T13:50:58","date_gmt":"2020-01-23T13:50:58","guid":{"rendered":"https:\/\/neu.bredentgroup.com\/impreso\/"},"modified":"2023-10-17T10:56:30","modified_gmt":"2023-10-17T08:56:30","slug":"impreso","status":"publish","type":"page","link":"https:\/\/bredent-group.com\/es\/impreso\/","title":{"rendered":"Impreso"},"content":{"rendered":"\t\t<div data-elementor-type=\"wp-page\" data-elementor-id=\"2946\" class=\"elementor elementor-2946 elementor-1576\" data-elementor-post-type=\"page\">\n\t\t\t\t<div class=\"elementor-element elementor-element-bfd6dfa e-flex e-con-boxed e-con e-parent\" data-id=\"bfd6dfa\" data-element_type=\"container\" data-e-type=\"container\">\n\t\t\t\t\t<div class=\"e-con-inner\">\n\t\t\t\t<div class=\"elementor-element elementor-element-54881cb elementor-widget elementor-widget-toggle\" data-id=\"54881cb\" data-element_type=\"widget\" data-e-type=\"widget\" data-widget_type=\"toggle.default\">\n\t\t\t\t<div class=\"elementor-widget-container\">\n\t\t\t\t\t\t\t<div class=\"elementor-toggle\">\n\t\t\t\t\t\t\t<div class=\"elementor-toggle-item\">\n\t\t\t\t\t<div id=\"elementor-tab-title-8861\" class=\"elementor-tab-title\" data-tab=\"1\" role=\"button\" aria-controls=\"elementor-tab-content-8861\" aria-expanded=\"false\">\n\t\t\t\t\t\t\t\t\t\t\t\t<span class=\"elementor-toggle-icon elementor-toggle-icon-left\" aria-hidden=\"true\">\n\t\t\t\t\t\t\t\t\t\t\t\t\t\t\t<span class=\"elementor-toggle-icon-closed\"><i class=\"fas fa-caret-right\"><\/i><\/span>\n\t\t\t\t\t\t\t\t<span class=\"elementor-toggle-icon-opened\"><i class=\"elementor-toggle-icon-opened fas fa-caret-down\"><\/i><\/span>\n\t\t\t\t\t\t\t\t\t\t\t\t\t<\/span>\n\t\t\t\t\t\t\t\t\t\t\t\t<a class=\"elementor-toggle-title\" tabindex=\"0\">bredent<\/a>\n\t\t\t\t\t<\/div>\n\n\t\t\t\t\t<div id=\"elementor-tab-content-8861\" class=\"elementor-tab-content elementor-clearfix\" data-tab=\"1\" role=\"region\" aria-labelledby=\"elementor-tab-title-8861\"><h3><span style=\"color: #000000;\">Pie de imprenta<\/span><\/h3><div class=\"common imprint\"><h3><span style=\"color: #000000;\">Protecci\u00f3n de datos en el marco de la ley alemana de transmisi\u00f3n de datos por medios telem\u00e1ticos (\u00a7 5 TMG)<\/span><\/h3><p><span style=\"color: #000000;\">bredent GmbH &amp; Co. KG<\/span><br \/><span style=\"color: #000000;\">Wei\u00dfenhorner Stra\u00dfe 2<\/span><br \/><span style=\"color: #000000;\">89250 Senden (Germany)<\/span><br \/><span style=\"color: #000000;\">Tel\u00e9fono: +49 7309 \/ 872-442<\/span><br \/><span style=\"color: #000000;\">Fax: +49 7309 \/ 872-444<\/span><br \/><span style=\"color: #000000;\">Correo-e: <strong><a style=\"color: #000000;\" href=\"mailto:info@bredent.com\">info@bredent.com<\/a><\/strong><\/span><\/p><p><span style=\"color: #000000;\">bredent GmbH &amp; Co. KG<\/span><br \/><span style=\"color: #000000;\">Gerentes de la empresa con poder de representaci\u00f3n: Peter Brehm, Brigitte Brehm, Nils Brehm, Olaf Gl\u00fcck, Gerald Micko<\/span><br \/><span style=\"color: #000000;\">Juzgado de registro: Amtsgericht Memmingen<\/span><br \/><span style=\"color: #000000;\">N\u00famero de registro: HRA 11358<\/span><br \/><span style=\"color: #000000;\">Sede de bredent GmbH &amp; Co. KG: 89250 Senden, Alemania<\/span><\/p><p><span style=\"color: #000000;\">Empresa asociada con responsabilidad personal (complementaria): bredent Beteiligungs- und Verwaltungs-GmbH<\/span><br \/><span style=\"color: #000000;\">Gerentes de la empresa con poder de representaci\u00f3n:\u00a0 Peter Brehm, Brigitte Brehm, Nils Brehm, Olaf Gl\u00fcck, Gerald Micko<\/span><br \/><span style=\"color: #000000;\">Juzgado de registro: Amtsgericht Memmingen<\/span><br \/><span style=\"color: #000000;\">N\u00famero de registro: HRB 12912<\/span><br \/><span style=\"color: #000000;\">Sede de bredent Beteiligungs- und Verwaltungs-GmbH: 89250 Senden, Alemania<\/span><\/p><p><span style=\"color: #000000;\"><strong>N\u00famero de identificaci\u00f3n fiscal seg\u00fan el art\u00edculo \u00a7 27a de la ley alemana de impuesto sobre el volumen de negocio (UStG)<\/strong><\/span><br \/><span style=\"color: #000000;\">DE 251580726<\/span><br \/><span style=\"color: #000000;\">WEEE-Reg.Nr. DE 22730329<\/span><\/p><p><span style=\"color: #000000;\"><strong>Responsable del contenido seg\u00fan el art\u00edculo \u00a7 55 apartado 2 del Convenio estatal sobre la radiodifusi\u00f3n (RStV)<\/strong><\/span><br \/><span style=\"color: #000000;\">Olaf Gl\u00fcck (v\u00e9ase la direcci\u00f3n referida anteriormente)<\/span><\/p><p><span style=\"color: #000000;\"><strong>Resoluci\u00f3n de litigios en l\u00ednea para consumidores, participaci\u00f3n en procedimientos de resoluci\u00f3n de litigios extrajudiciales<\/strong><\/span><br \/><span style=\"color: #000000;\">(1) La empresa bredent GmbH &amp; Co. KG no est\u00e1 dispuesta ni obligada por principio a participar en procedimientos de resoluci\u00f3n de litigios frente a un organismo de conciliaci\u00f3n, mediaci\u00f3n o arbitraje para consumidores.<\/span><br \/><span style=\"color: #000000;\">(2) Plataforma de la Comisi\u00f3n Europea para la resoluci\u00f3n de litigios en l\u00ednea:<\/span><br \/><span style=\"color: #000000;\"><a style=\"color: #000000;\" href=\"https:\/\/www.ec.europa.eu\/consumers\/odr\" target=\"new\" rel=\"noopener\">https:\/\/www.ec.europa.eu\/consumers\/odr<\/a><\/span><\/p><p><span style=\"color: #000000;\"><strong>Programaci\u00f3n y servidor \/ host<\/strong><\/span><br \/><span style=\"color: #000000;\"><a style=\"color: #000000;\" href=\"http:\/\/www.imos.net\/\" target=\"_blank\" rel=\"noopener\">Sede G\u00f6ppingen<br \/>imos Gesellschaft f\u00fcr<br \/>Internet-Marketing und<br \/>Online-Services mbH<\/a><\/span><br \/><span style=\"color: #000000;\">Alfons-Feifel-Str. 9<\/span><br \/><span style=\"color: #000000;\">73037 G\u00f6ppingen (Germany)<\/span><br \/><span style=\"color: #000000;\">Tel\u00e9fono: +49 7161 93339-0<\/span><br \/><span style=\"color: #000000;\">Fax: +49 7161 93339-99<\/span><br \/><span style=\"color: #000000;\">Correo-e: <a style=\"color: #000000;\" href=\"mailto:info@imos.net\">info@imos.net<\/a><\/span><br \/><span style=\"color: #000000;\">Internet: <a style=\"color: #000000;\" href=\"http:\/\/www.imos.net\/\" target=\"_blank\" rel=\"noopener\">www.imos.net<\/a><\/span><\/p><p><span style=\"color: #000000;\"><strong>Nota<br \/>No todos los productos est\u00e1n permitidos ni pueden obtenerse en todos los mercados.<br \/>Si tiene dudas al respecto dir\u00edjase, por favor, a la empresa bredent GmbH &amp; Co. KG o<br \/>a su correspondiente socio comercial.<\/strong><\/span><\/p><p><span style=\"color: #000000;\"><strong>L\u00cdMITES DE RESPONSABILIDAD CIVIL<\/strong><\/span><br \/><span style=\"color: #000000;\"><em><strong>1. Limites de la responsabilidad<\/strong><\/em><\/span><br \/><span style=\"color: #000000;\">Los contenidos de este sitio web se elaboran con el m\u00e1ximo esmero. Aun as\u00ed, el proveedor no se hace responsable de la veracidad, integridad ni actualidad de los contenidos expuestos. La utilizaci\u00f3n de los contenidos del sitio web ser\u00e1<\/span><br \/><span style=\"color: #000000;\">responsabilidad del usuario. Las aportaciones con firma de autor transmiten la opini\u00f3n de \u00e9ste y no se corresponden siempre con la opini\u00f3n del proveedor.<\/span><br \/><span style=\"color: #000000;\">La mera utilizaci\u00f3n del sitio web no supone ning\u00fan tipo de relaci\u00f3n contractual entre el usuario y el proveedor.<\/span><\/p><p style=\"padding-left: 40px;\"><span style=\"color: #000000;\"><em><strong>1.Enlaces externos<\/strong><\/em><\/span><\/p><p style=\"padding-left: 40px;\"><span style=\"color: #000000;\">Este sitio web contiene enlaces que conducen a sitios de terceros (enlaces externos).<\/span><br \/><span style=\"color: #000000;\">La responsabilidad de estos sitios web recae en su administrador respectivo.<\/span><br \/><span style=\"color: #000000;\">El proveedor ha revisado al activar por primera vez el enlace externo que los contenidos del sitio no contravengan ley alguna. En ese momento no se observaron infracciones. El proveedor no participa del dise\u00f1o actual ni futuro ni de los contenidos de los sitios relacionados. La inclusi\u00f3n de enlaces externos no<\/span><br \/><span style=\"color: #000000;\">significa que el proveedor haga suyos los contenidos a los que se accede a trav\u00e9s de los enlaces. No es tarea del proveedor realizar un control constante de los<\/span><br \/><span style=\"color: #000000;\">enlaces externos a no ser que existan indicios de infracci\u00f3n de la ley. No obstante, en caso de tener conocimiento de alguna infracci\u00f3n se eliminar\u00e1n de inmediato los enlaces externos.<\/span><\/p><p style=\"padding-left: 40px;\"><span style=\"color: #000000;\"><em><strong>2. Derechos de autor y derechos afines<\/strong><\/em><\/span><\/p><p style=\"padding-left: 40px;\"><span style=\"color: #000000;\">Los contenidos publicados en este sitio est\u00e1n protegidos por derechos de autor y derechos afines de acuerdo con la legislaci\u00f3n alemana. Toda utilizaci\u00f3n no permitida<\/span><br \/><span style=\"color: #000000;\">por esta legislaci\u00f3n requerir\u00e1 el consentimiento previo por escrito del proveedor o propietario de los derechos de autor. Esto se refiere en particular a la reproducci\u00f3n,<\/span><br \/><span style=\"color: #000000;\">utilizaci\u00f3n, traducci\u00f3n, el almacenamiento y la modificaci\u00f3n o la copia de los contenidos en bases de datos u otros medios y sistemas electr\u00f3nicos. Los contenidos y derechos de terceros est\u00e1n indicados como tales. La copia o transmisi\u00f3n no consentida de contenidos parciales o p\u00e1ginas completas no est\u00e1 permitida y es susceptible de constituir delito. S\u00f3lo se permite la realizaci\u00f3n de copias y la descarga para el uso personal y no comercial.<\/span><br \/><span style=\"color: #000000;\">La presentaci\u00f3n de este sitio web en otros formatos s\u00f3lo est\u00e1 permitida con autorizaci\u00f3n previa por escrito.<\/span><\/p><p style=\"padding-left: 40px;\"><span style=\"color: #000000;\"><strong><em>3. Protecci\u00f3n de datos<\/em><\/strong><\/span><\/p><p style=\"padding-left: 40px;\"><span style=\"color: #000000;\"><a style=\"color: #000000;\" href=\"https:\/\/neu.bredentgroup.com\/es\/politica-de-privacidad\/\" target=\"_blank\" rel=\"noopener\"><em>Declaraci\u00f3n de la protecci\u00f3n de datos<\/em><\/a><\/span><\/p><p style=\"padding-left: 40px;\"><span style=\"color: #000000;\"><!-- FOLGENDER PASSUS SOLL NICHT MERH ANEGEZEIGT WERDEN El proveedor indica expresamente que la transmisi\u00f3n de datos a trav\u00e9s de Internet (por ejemplo, en la comunicaci\u00f3n a trav\u00e9s de correo electr\u00f3nico) puede tener brechas de seguridad y por lo tanto no puede protegerse completamente contra el acceso no autorizado de terceros. ENDE --> Se rechaza expresamente la utilizaci\u00f3n de datos de contacto indicados en el aviso legal para el env\u00edo de publicidad, a no ser que el proveedor haya otorgado previamente por escrito su consentimiento o exista ya una relaci\u00f3n comercial. El proveedor y todas las personas mencionadas en este sitio web se oponen de este modo a cualquier utilizaci\u00f3n comercial y transmisi\u00f3n de sus datos a terceros.<\/span><\/p><p style=\"padding-left: 40px;\"><span style=\"color: #000000;\"><strong><em>4. Condiciones especiales de utilizaci\u00f3n<\/em><\/strong><\/span><\/p><p style=\"padding-left: 40px;\"><span style=\"color: #000000;\">En caso de darse condiciones especiales para el uso puntual de este sitio web diferentes a las mencionadas en los puntos 1 a 4, esto se har\u00e1 constar expresamente<\/span><br \/><span style=\"color: #000000;\">en el lugar oportuno. En este caso ser\u00e1n v\u00e1lidas las condiciones de utilizaci\u00f3n especiales para cada caso.<\/span><\/p><\/div><\/div>\n\t\t\t\t<\/div>\n\t\t\t\t\t\t\t<div class=\"elementor-toggle-item\">\n\t\t\t\t\t<div id=\"elementor-tab-title-8862\" class=\"elementor-tab-title\" data-tab=\"2\" role=\"button\" aria-controls=\"elementor-tab-content-8862\" aria-expanded=\"false\">\n\t\t\t\t\t\t\t\t\t\t\t\t<span class=\"elementor-toggle-icon elementor-toggle-icon-left\" aria-hidden=\"true\">\n\t\t\t\t\t\t\t\t\t\t\t\t\t\t\t<span class=\"elementor-toggle-icon-closed\"><i class=\"fas fa-caret-right\"><\/i><\/span>\n\t\t\t\t\t\t\t\t<span class=\"elementor-toggle-icon-opened\"><i class=\"elementor-toggle-icon-opened fas fa-caret-down\"><\/i><\/span>\n\t\t\t\t\t\t\t\t\t\t\t\t\t<\/span>\n\t\t\t\t\t\t\t\t\t\t\t\t<a class=\"elementor-toggle-title\" tabindex=\"0\">bredent-medical<\/a>\n\t\t\t\t\t<\/div>\n\n\t\t\t\t\t<div id=\"elementor-tab-content-8862\" class=\"elementor-tab-content elementor-clearfix\" data-tab=\"2\" role=\"region\" aria-labelledby=\"elementor-tab-title-8862\"><h3><span style=\"color: #000000;\">Pie de imprenta<\/span><\/h3><div class=\"common imprint\"><h3><span style=\"color: #000000;\">Protecci\u00f3n de datos en el marco de la ley alemana de transmisi\u00f3n de datos por medios telem\u00e1ticos (\u00a7 5 TMG)<\/span><\/h3><p><span style=\"color: #000000;\">bredent medical GmbH &amp; Co. KG<\/span><br \/><span style=\"color: #000000;\">Wei\u00dfenhorner Stra\u00dfe 2<\/span><br \/><span style=\"color: #000000;\">89250 Senden (Alemania)<\/span><br \/><span style=\"color: #000000;\">Tel\u00e9fono: +49 7309 \/ 872-442<\/span><br \/><span style=\"color: #000000;\">Fax: +49 7309 \/ 872-444<\/span><br \/><span style=\"color: #000000;\">Correo-e: <strong><a style=\"color: #000000;\" href=\"mailto:info-medical@bredent.com\">info-medical@bredent.com<\/a><\/strong><\/span><\/p><p><span style=\"color: #000000;\">bredent medical GmbH &amp; Co. KG<\/span><br \/><span style=\"color: #000000;\">Gerentes de la empresa con poder de representaci\u00f3n: Peter Brehm, Nils Brehm, Olaf Gl\u00fcck, Gerald Micko<\/span><br \/><span style=\"color: #000000;\">Juzgado de registro: Amtsgericht Memmingen<\/span><br \/><span style=\"color: #000000;\">N\u00famero de registro: HRA 11274<\/span><br \/><span style=\"color: #000000;\">Sede de bredent medical GmbH &amp; Co. KG: 89250 Senden, Alemania<\/span><\/p><p><span style=\"color: #000000;\">Empresa asociada con responsabilidad personal (complementaria): bredent medical Verwaltungs- und Handels-GmbH<\/span><br \/><span style=\"color: #000000;\">Gerentes de la empresa con poder de representaci\u00f3n: Peter Brehm, Nils Brehm, Olaf Gl\u00fcck, Gerald Micko<\/span><br \/><span style=\"color: #000000;\">Juzgado de registro: Amtsgericht Memmingen<\/span><br \/><span style=\"color: #000000;\">N\u00famero de registro: HRB 12744<\/span><br \/><span style=\"color: #000000;\">Sede de bredent medical Verwaltungs- und Handels-GmbH: 89250 Senden, Alemania<\/span><\/p><p><span style=\"color: #000000;\"><strong>N\u00famero de identificaci\u00f3n fiscal seg\u00fan el art\u00edculo \u00a7 27a de la ley alemana de impuesto sobre el volumen de negocio (UStG)<\/strong><\/span><br \/><span style=\"color: #000000;\">DE 247337738<\/span><br \/><span style=\"color: #000000;\">WEEE-Reg.Nr. DE 22730329<\/span><\/p><p><span style=\"color: #000000;\"><strong>Responsable del contenido seg\u00fan el art\u00edculo \u00a7 55 apartado 2 del Convenio estatal sobre la radiodifusi\u00f3n (RStV)<\/strong><\/span><br \/><span style=\"color: #000000;\">Micko Gerald (v\u00e9ase la direcci\u00f3n referida anteriormente)<\/span><\/p><p><span style=\"color: #000000;\"><strong>Resoluci\u00f3n de litigios en l\u00ednea para consumidores, participaci\u00f3n en procedimientos de resoluci\u00f3n de litigios extrajudiciales<\/strong><\/span><br \/><span style=\"color: #000000;\">(1) La empresa bredent medical GmbH &amp; Co. KG no est\u00e1 dispuesta ni obligada por principio a participar en procedimientos de resoluci\u00f3n de litigios frente a un organismo de conciliaci\u00f3n, mediaci\u00f3n o arbitraje para consumidores.<\/span><br \/><span style=\"color: #000000;\">(2) Plataforma de la Comisi\u00f3n Europea para la resoluci\u00f3n de litigios en l\u00ednea:<\/span><br \/><span style=\"color: #000000;\"><a style=\"color: #000000;\" href=\"https:\/\/www.ec.europa.eu\/consumers\/odr\" target=\"new\" rel=\"noopener\">https:\/\/www.ec.europa.eu\/consumers\/odr<\/a><\/span><\/p><p><span style=\"color: #000000;\"><strong>Programaci\u00f3n y servidor \/ host<\/strong><\/span><br \/><span style=\"color: #000000;\"><a style=\"color: #000000;\" href=\"http:\/\/www.imos.net\/\" target=\"_blank\" rel=\"noopener\">Sede G\u00f6ppingen<br \/>imos Gesellschaft f\u00fcr<br \/>Internet-Marketing und<br \/>Online-Services mbH<\/a><\/span><br \/><span style=\"color: #000000;\">Alfons-Feifel-Str. 9<\/span><br \/><span style=\"color: #000000;\">73037 G\u00f6ppingen (Germany)<\/span><br \/><span style=\"color: #000000;\">Tel\u00e9fono: +49 7161 93339-0<\/span><br \/><span style=\"color: #000000;\">Fax: +49 7161 93339-99<\/span><br \/><span style=\"color: #000000;\">Correo-e: <a style=\"color: #000000;\" href=\"mailto:info@imos.net\">info@imos.net<\/a><\/span><br \/><span style=\"color: #000000;\">Internet: <a style=\"color: #000000;\" href=\"http:\/\/www.imos.net\/\" target=\"_blank\" rel=\"noopener\">www.imos.net<\/a><\/span><\/p><p><span style=\"color: #000000;\"><strong>Nota<br \/>No todos los productos est\u00e1n permitidos ni pueden obtenerse en todos los mercados. Si tiene dudas al respecto<br \/>dir\u00edjase, por favor, a la empresa bredent medical GmbH &amp; Co. KG o a su correspondiente socio comercial.<\/strong><\/span><\/p><p><span style=\"color: #000000;\"><strong>L\u00cdMITES DE RESPONSABILIDAD CIVIL<\/strong><\/span><\/p><p style=\"padding-left: 40px;\"><span style=\"color: #000000;\"><em><strong>1.Limites de la responsabilidad<\/strong><\/em><\/span><\/p><p style=\"padding-left: 40px;\"><span style=\"color: #000000;\">Los contenidos de este sitio web se elaboran con el m\u00e1ximo esmero. Aun as\u00ed, el proveedor no se hace<\/span><br \/><span style=\"color: #000000;\">responsable de la veracidad, integridad ni actualidad de los contenidos expuestos. La utilizaci\u00f3n de los<\/span><br \/><span style=\"color: #000000;\">contenidos del sitio web ser\u00e1 responsabilidad del usuario. Las aportaciones con firma de autor transmiten<\/span><br \/><span style=\"color: #000000;\">la opini\u00f3n de \u00e9ste y no se corresponden siempre con la opini\u00f3n del proveedor. La mera utilizaci\u00f3n del<\/span><br \/><span style=\"color: #000000;\">sitio web no supone ning\u00fan tipo de relaci\u00f3n contractual entre el usuario y el proveedor.<\/span><\/p><p style=\"padding-left: 40px;\"><span style=\"color: #000000;\"><em><strong>2. Enlaces externos<\/strong><\/em><\/span><\/p><p style=\"padding-left: 40px;\"><span style=\"color: #000000;\">Este sitio web contiene enlaces que conducen a sitios de terceros (enlaces externos). La responsabilidad<\/span><br \/><span style=\"color: #000000;\">de estos sitios web recae en su administrador respectivo. El proveedor ha revisado al activar por primera<\/span><br \/><span style=\"color: #000000;\">vez el enlace externo que los contenidos del sitio no contravengan ley alguna. En ese momento no se obser-<\/span><br \/><span style=\"color: #000000;\">varon infracciones. El proveedor no participa del dise\u00f1o actual ni futuro ni de los contenidos de los sitios<\/span><br \/><span style=\"color: #000000;\">relacionados. La inclusi\u00f3n de enlaces externos no significa que el proveedor haga suyos los contenidos a<\/span><br \/><span style=\"color: #000000;\">los que se accede a trav\u00e9s de los enlaces. No es tarea del proveedor realizar un control constante de los<\/span><br \/><span style=\"color: #000000;\">enlaces externos a no ser que existan indicios de infracci\u00f3n de la ley. No obstante, en caso de tener conocimiento de alguna infracci\u00f3n se eliminar\u00e1n de inmediato los enlaces externos.<\/span><\/p><p style=\"padding-left: 40px;\"><span style=\"color: #000000;\"><em><strong>3. Derechos de autor y derechos afines<\/strong><\/em><\/span><\/p><p style=\"padding-left: 40px;\"><span style=\"color: #000000;\">Los contenidos publicados en este sitio est\u00e1n protegidos por derechos de autor y derechos afines de acuerdo<\/span><br \/><span style=\"color: #000000;\">con la legislaci\u00f3n alemana. Toda utilizaci\u00f3n no permitida por esta legislaci\u00f3n requerir\u00e1 el consentimiento<\/span><br \/><span style=\"color: #000000;\">previo por escrito del proveedor o propietario de los derechos de autor. Esto se refiere en particular a la reproducci\u00f3n, utilizaci\u00f3n, traducci\u00f3n, el almacenamiento y la modificaci\u00f3n o la copia de los contenidos en bases de datos u otros medios y sistemas electr\u00f3nicos. Los contenidos y derechos de terceros est\u00e1n indicados como tales. La copia o transmisi\u00f3n no consentida de contenidos parciales o p\u00e1ginas completas no est\u00e1 permitida y es susceptible de constituir delito. S\u00f3lo se permite la realizaci\u00f3n de copias y la descarga para el uso personal y no comercial.<\/span><br \/><span style=\"color: #000000;\">La presentaci\u00f3n de este sitio web en otros formatos s\u00f3lo est\u00e1 permitida con autorizaci\u00f3n previa por escrito.<\/span><\/p><p style=\"padding-left: 40px;\"><span style=\"color: #000000;\"><strong><em>4. Protecci\u00f3n de datos<\/em><\/strong><\/span><\/p><p style=\"padding-left: 40px;\"><span style=\"color: #000000;\"><a style=\"color: #000000;\" href=\"https:\/\/neu.bredentgroup.com\/es\/politica-de-privacidad\/\" target=\"_blank\" rel=\"noopener\"><em>Declaraci\u00f3n de la protecci\u00f3n de datos<\/em><\/a><\/span><\/p><p style=\"padding-left: 40px;\"><span style=\"color: #000000;\">Se rechaza expresamente la utilizaci\u00f3n de datos de contacto indicados en el aviso legal para el env\u00edo de publicidad, a no ser que el proveedor haya otorgado previamente por escrito su consentimiento o exista ya una relaci\u00f3n comercial.<\/span><br \/><span style=\"color: #000000;\">El proveedor y todas las personas mencionadas en este sitio web se oponen de este modo a cualquier utilizaci\u00f3n<\/span><br \/><span style=\"color: #000000;\">comercial y transmisi\u00f3n de sus datos a terceros.<\/span><\/p><p style=\"padding-left: 40px;\"><span style=\"color: #000000;\"><strong><em>5. Condiciones especiales de utilizaci\u00f3n<\/em><\/strong><\/span><br \/><span style=\"color: #000000;\">En caso de darse condiciones especiales para el uso puntual de este sitio web diferentes a las mencionadas<\/span><br \/><span style=\"color: #000000;\">en los puntos 1 a 4, esto se har\u00e1 constar expresamente en el lugar oportuno. En este caso ser\u00e1n v\u00e1lidas las condiciones de utilizaci\u00f3n especiales para cada caso.<\/span><\/p><\/div><\/div>\n\t\t\t\t<\/div>\n\t\t\t\t\t\t\t\t<\/div>\n\t\t\t\t\t\t<\/div>\n\t\t\t\t<\/div>\n\t\t\t\t\t<\/div>\n\t\t\t\t<\/div>\n\t\t\t\t<\/div>\n\t\t","protected":false},"excerpt":{"rendered":"<p>bredent Pie de imprenta Protecci\u00f3n de datos en el marco de la ley alemana de transmisi\u00f3n de datos por medios telem\u00e1ticos (\u00a7 5 TMG) bredent GmbH &amp; Co. KGWei\u00dfenhorner Stra\u00dfe 289250 Senden (Germany)Tel\u00e9fono: +49 7309 \/ 872-442Fax: +49 7309 \/ 872-444Correo-e: info@bredent.com bredent GmbH &amp; Co. KGGerentes de la empresa con poder de representaci\u00f3n: Peter [&hellip;]<\/p>\n","protected":false},"author":1,"featured_media":0,"parent":0,"menu_order":101,"comment_status":"closed","ping_status":"closed","template":"","meta":{"footnotes":""},"class_list":["post-2946","page","type-page","status-publish","hentry"],"_links":{"self":[{"href":"https:\/\/bredent-group.com\/es\/wp-json\/wp\/v2\/pages\/2946","targetHints":{"allow":["GET"]}}],"collection":[{"href":"https:\/\/bredent-group.com\/es\/wp-json\/wp\/v2\/pages"}],"about":[{"href":"https:\/\/bredent-group.com\/es\/wp-json\/wp\/v2\/types\/page"}],"author":[{"embeddable":true,"href":"https:\/\/bredent-group.com\/es\/wp-json\/wp\/v2\/users\/1"}],"replies":[{"embeddable":true,"href":"https:\/\/bredent-group.com\/es\/wp-json\/wp\/v2\/comments?post=2946"}],"version-history":[{"count":0,"href":"https:\/\/bredent-group.com\/es\/wp-json\/wp\/v2\/pages\/2946\/revisions"}],"wp:attachment":[{"href":"https:\/\/bredent-group.com\/es\/wp-json\/wp\/v2\/media?parent=2946"}],"curies":[{"name":"wp","href":"https:\/\/api.w.org\/{rel}","templated":true}]}}